{"id":31,"date":"2014-02-18T11:44:34","date_gmt":"2014-02-18T11:44:34","guid":{"rendered":"http:\/\/eventos.scielo.org\/icebloghumanas\/?page_id=31"},"modified":"2014-02-18T18:03:26","modified_gmt":"2014-02-18T18:03:26","slug":"entrevista","status":"publish","type":"page","link":"https:\/\/eventos.scielo.org\/icebloghumanas\/documentacao\/entrevista\/","title":{"rendered":"Entrevista"},"content":{"rendered":"<p><strong>Blog SciELO em Perspectiva Humanas<br \/>\n<\/strong>Vers\u00e3o de Fevereiro de 2014<\/p>\n<p><strong>Instru\u00e7\u00f5es para a elabora\u00e7\u00e3o de entrevistas<\/strong><\/p>\n<p>Entrevista pode ser definida como uma conversa entre duas ou mais pessoas &#8211; o entrevistador e o(s) entrevistado(s) &#8211; que visa obter informa\u00e7\u00e3o para compor uma determinada mat\u00e9ria.<\/p>\n<p>Para a prepara\u00e7\u00e3o de um roteiro para entrevista, recomenda-se um conhecimento pr\u00e9vio sobre o assunto que ser\u00e1 tratado, ou sobre o entrevistado, sempre tendo em vista o p\u00fablico alvo do conte\u00fado que ser\u00e1 gerado.<\/p>\n<p>A entrevista deve ser iniciada com uma apresenta\u00e7\u00e3o dos seus objetivos e do ve\u00edculo em que ser\u00e1 divulgada.<\/p>\n<p>As entrevistas submetidas ao Blog SciELO em Perspectiva Humanas poder\u00e3o possuir como entrevistados:<\/p>\n<p>a)\u00a0\u00a0\u00a0\u00a0\u00a0\u00a0 Pesquisadores das \u00e1reas de ci\u00eancias humanas, ci\u00eancias sociais aplicadas e de lingu\u00edstica, letras e artes;<br \/>\nb)\u00a0\u00a0\u00a0\u00a0\u00a0 Autores de artigos publicados nos peri\u00f3dicos SciELO;<br \/>\nc)\u00a0\u00a0\u00a0\u00a0\u00a0\u00a0 Editores de peri\u00f3dico cient\u00edficos da Rede SciELO; e<br \/>\nd)\u00a0\u00a0\u00a0\u00a0\u00a0 Editores de peri\u00f3dicos cient\u00edficos que n\u00e3o fazem parte da Rede SciELO.<\/p>\n<p>Nos itens que se seguem, ser\u00e3o apresentados os padr\u00f5es para a prepara\u00e7\u00e3o de uma entrevista para publica\u00e7\u00e3o no Blog SciELO em Perspectiva Humanas.<\/p>\n<p><strong>1.\u00a0\u00a0\u00a0\u00a0\u00a0 <\/strong><strong>Sele\u00e7\u00e3o de temas e entrevistados<\/strong><\/p>\n<p>Quando o objetivo \u00e9 a realiza\u00e7\u00e3o de uma entrevista com autor de um artigo publicado em um dos peri\u00f3dicos SciELO, considerar as seguintes perguntas no processo de sele\u00e7\u00e3o de artigos:<\/p>\n<p>a)\u00a0\u00a0\u00a0\u00a0\u00a0\u00a0 Representa um avan\u00e7o no conhecimento que merece ser divulgado para a sociedade?<br \/>\nb)\u00a0\u00a0\u00a0\u00a0\u00a0 Contribui para a populariza\u00e7\u00e3o do conhecimento cient\u00edfico?<br \/>\nc)\u00a0\u00a0\u00a0\u00a0\u00a0\u00a0 Apresenta inova\u00e7\u00f5es significativas?<br \/>\nd)\u00a0\u00a0\u00a0\u00a0\u00a0 Pode ter impacto na sociedade ou na defini\u00e7\u00e3o de pol\u00edticas p\u00fablicas?<br \/>\ne)\u00a0\u00a0\u00a0\u00a0\u00a0 Al\u00e9m do p\u00fablico-alvo (jornalistas), a entrevista poder\u00e1 ser utilizada tamb\u00e9m por tomadores de decis\u00e3o, pesquisadores, estudantes e p\u00fablico em geral?<\/p>\n<p>Al\u00e9m de entrevistas com autores de artigos, pode optar tamb\u00e9m pela realiza\u00e7\u00e3o de uma entrevista com pesquisadores renomados, nacionais ou internacionais, e que n\u00e3o necessariamente possuem artigos publicados nos peri\u00f3dicos da Rede SciELO.<\/p>\n<p><strong>2.\u00a0\u00a0\u00a0\u00a0\u00a0 <\/strong><strong>Formato de apresenta\u00e7\u00e3o das entrevistas<\/strong><\/p>\n<p>As entrevistas poder\u00e3o ser encaminhadas de forma textual ou em formato audiovisual.<\/p>\n<p>Para a prepara\u00e7\u00e3o de entrevistas em formato textual, \u00e9 necess\u00e1rio considerar os seguintes aspectos:<\/p>\n<p>a)\u00a0\u00a0\u00a0\u00a0\u00a0\u00a0 <strong><em>Tamanho:<\/em><\/strong> deve ser composta por 4 a 10 quest\u00f5es e o texto deve conter o m\u00e1ximo de 15.000 caracteres com espa\u00e7o.<br \/>\nb)\u00a0\u00a0\u00a0\u00a0\u00a0 <strong><em>Idioma:<\/em><\/strong> poder\u00e3o ser encaminhadas nos idiomas portugu\u00eas, ingl\u00eas ou espanhol.<br \/>\nc)\u00a0\u00a0\u00a0\u00a0\u00a0\u00a0 <strong><em>Imagem:<\/em><\/strong> dever\u00e3o, obrigatoriamente, ser acompanhadas pela foto do entrevistado que deve ser enviada em arquivo anexo (.jpg ou .gif), com boa resolu\u00e7\u00e3o (acima de 100 KB) e com autoriza\u00e7\u00e3o pr\u00e9via do entrevistado. Caso seja de interesse deste, pode ser inclu\u00edda tamb\u00e9m uma imagem que complemente o conte\u00fado da entrevista.<br \/>\nd)\u00a0\u00a0\u00a0\u00a0\u00a0 <strong><em>Dados sobre o entrevistado:<\/em><\/strong> breve texto com dados sobre o entrevistado, contendo informa\u00e7\u00e3o sobre o curr\u00edculo, incluindo institui\u00e7\u00e3o a qual est\u00e1 afiliado, produ\u00e7\u00e3o cient\u00edfica resumida, forma\u00e7\u00e3o acad\u00eamica, outros.<br \/>\ne)\u00a0\u00a0\u00a0\u00a0\u00a0 <strong><em>Lead:<\/em><\/strong> as entrevistas dever\u00e3o estar acompanhadas do lead que consiste em um pequeno texto que fornece ao <a title=\"Leitor\" href=\"http:\/\/pt.wikipedia.org\/wiki\/Leitor\">leitor<\/a> a <a title=\"Informa\u00e7\u00e3o\" href=\"http:\/\/pt.wikipedia.org\/wiki\/Informa%C3%A7%C3%A3o\">informa\u00e7\u00e3o<\/a> b\u00e1sica sobre o <a title=\"Tema\" href=\"http:\/\/pt.wikipedia.org\/wiki\/Tema\">tema<\/a>. O lead deve conter informa\u00e7\u00e3o que responda \u00e0s seguintes quest\u00f5es: &#8220;O qu\u00ea&#8221; e\/ou &#8220;Quem?&#8221;, &#8220;Quando?&#8221;, &#8220;Onde?&#8221;, &#8220;Como?&#8221;, e &#8220;Por qu\u00ea?&#8221;.<\/p>\n<p>Para o envio de materiais audiovisuais, considerar as seguintes especifica\u00e7\u00f5es quanto aos formatos de arquivos recomendados para publica\u00e7\u00e3o no Blog:<\/p>\n<p>a)\u00a0\u00a0\u00a0\u00a0\u00a0\u00a0 <strong><em>V\u00eddeo:<\/em><\/strong> formatos MP4, AVI;<br \/>\nb)\u00a0\u00a0\u00a0\u00a0\u00a0 <strong><em>\u00c1udio:<\/em><\/strong> formato MP3.<\/p>\n<p><strong>3.\u00a0\u00a0\u00a0\u00a0\u00a0 <\/strong><strong>Considera\u00e7\u00f5es sobre a autoria<\/strong><\/p>\n<p>Os textos podem ser elaborados por autores das pesquisas, pelo editor do peri\u00f3dico ou equipe editorial. Se a equipe editorial contar com o apoio de um profissional de comunica\u00e7\u00e3o, os textos podem ser preparados pela equipe e enviados aos autores para aprova\u00e7\u00e3o.<\/p>\n<p>Ao submeter uma entrevista ao Blog SciELO em Perspectiva Humanas, o autor abre m\u00e3o, automaticamente, de quaisquer direitos sobre a publica\u00e7\u00e3o, libera o trabalho de edi\u00e7\u00e3o do texto e a reprodu\u00e7\u00e3o do mesmo por outros ve\u00edculos, sem pagamentos.<\/p>\n<p>Os conte\u00fados publicados no Blog SciELO em Perspectiva Humanas s\u00e3o de inteira responsabilidade dos autores, <em>n\u00e3o<\/em> refletindo, necessariamente, a opini\u00e3o do Corpo Editorial ou do SciELO.<\/p>\n<p><strong>4.\u00a0\u00a0\u00a0\u00a0\u00a0 <\/strong><strong>Envio e an\u00e1lise das contribui\u00e7\u00f5es<\/strong><\/p>\n<p>Para a submiss\u00e3o de uma entrevista ao Blog SciELO em Perspectiva Humanas, encaminhar e-mail para &lt;<a href=\"mailto:blog.humanas@scielo.org\">blog.humanas@scielo.org<\/a>&gt;.<\/p>\n<p>As contribui\u00e7\u00f5es submetidas para publica\u00e7\u00e3o no blog passar\u00e3o pela an\u00e1lise da Equipe Editorial e, se necess\u00e1rio, dos membros do Comit\u00ea Editorial.\u00a0 Em caso de altera\u00e7\u00e3o do texto original, a vers\u00e3o revisada ser\u00e1 submetida \u00e0 aprova\u00e7\u00e3o final do autor.<\/p>\n<p>Ser\u00e3o considerados os seguintes aspectos na an\u00e1lise das entrevistas submetidas ao Blog SciELO em Perspectiva Humanas:<\/p>\n<ul>\n<li><strong><em>Formato de apresenta\u00e7\u00e3o:<\/em><\/strong><em> <\/em>a apresenta\u00e7\u00e3o da entrevista deve estar de acordo com os padr\u00f5es definidos no item 2 deste documento. Contribui\u00e7\u00f5es fora dos padr\u00f5es definidos ser\u00e3o devolvidas aos respectivos autores.<em><\/em><\/li>\n<li><strong><em>Simultaneidade:<\/em><\/strong> a publica\u00e7\u00e3o de entrevistas com autores deve acontecer, simultaneamente, \u00e0 publica\u00e7\u00e3o do artigo na Cole\u00e7\u00e3o SciELO Brasil. Admite-se, entretanto, que uma eventual defasagem no cronograma de edi\u00e7\u00e3o do comunicado possa atrasar a publica\u00e7\u00e3o em, no m\u00e1ximo, um m\u00eas ap\u00f3s \u00e0 publica\u00e7\u00e3o do artigo. Fica a crit\u00e9rio do Corpo Editorial do Blog SciELO em Perspectiva Humanas a aceita\u00e7\u00e3o, ou n\u00e3o, de comunicados que excedam esse intervalo de tempo.<\/li>\n<\/ul>\n<p>&nbsp;<\/p>\n","protected":false},"excerpt":{"rendered":"<p>Blog SciELO em Perspectiva Humanas Vers\u00e3o de Fevereiro de 2014 Instru\u00e7\u00f5es para a elabora\u00e7\u00e3o de entrevistas Entrevista pode ser definida como uma conversa entre duas ou mais pessoas &#8211; o entrevistador e o(s) entrevistado(s) &#8211; que visa obter informa\u00e7\u00e3o para &hellip; <a href=\"https:\/\/eventos.scielo.org\/icebloghumanas\/documentacao\/entrevista\/\">Continue reading <span class=\"meta-nav\">&rarr;<\/span><\/a><\/p>\n","protected":false},"author":3,"featured_media":0,"parent":19,"menu_order":0,"comment_status":"open","ping_status":"open","template":"","meta":{"footnotes":""},"class_list":["post-31","page","type-page","status-publish","hentry"],"aioseo_notices":[],"_links":{"self":[{"href":"https:\/\/eventos.scielo.org\/icebloghumanas\/wp-json\/wp\/v2\/pages\/31","targetHints":{"allow":["GET"]}}],"collection":[{"href":"https:\/\/eventos.scielo.org\/icebloghumanas\/wp-json\/wp\/v2\/pages"}],"about":[{"href":"https:\/\/eventos.scielo.org\/icebloghumanas\/wp-json\/wp\/v2\/types\/page"}],"author":[{"embeddable":true,"href":"https:\/\/eventos.scielo.org\/icebloghumanas\/wp-json\/wp\/v2\/users\/3"}],"replies":[{"embeddable":true,"href":"https:\/\/eventos.scielo.org\/icebloghumanas\/wp-json\/wp\/v2\/comments?post=31"}],"version-history":[{"count":2,"href":"https:\/\/eventos.scielo.org\/icebloghumanas\/wp-json\/wp\/v2\/pages\/31\/revisions"}],"predecessor-version":[{"id":50,"href":"https:\/\/eventos.scielo.org\/icebloghumanas\/wp-json\/wp\/v2\/pages\/31\/revisions\/50"}],"up":[{"embeddable":true,"href":"https:\/\/eventos.scielo.org\/icebloghumanas\/wp-json\/wp\/v2\/pages\/19"}],"wp:attachment":[{"href":"https:\/\/eventos.scielo.org\/icebloghumanas\/wp-json\/wp\/v2\/media?parent=31"}],"curies":[{"name":"wp","href":"https:\/\/api.w.org\/{rel}","templated":true}]}}