{"id":40,"date":"2014-02-18T16:11:04","date_gmt":"2014-02-18T16:11:04","guid":{"rendered":"http:\/\/eventos.scielo.org\/icebloghumanas\/?page_id=40"},"modified":"2014-02-27T12:41:16","modified_gmt":"2014-02-27T12:41:16","slug":"participantes","status":"publish","type":"page","link":"https:\/\/eventos.scielo.org\/icebloghumanas\/participantes\/","title":{"rendered":"Participantes"},"content":{"rendered":"<p><strong>Editores<\/strong><\/p>\n<p><img loading=\"lazy\" decoding=\"async\" class=\"alignnone size-full wp-image-41\" title=\"beth_brait\" src=\"http:\/\/eventos.scielo.org\/icebloghumanas\/files\/2014\/02\/beth_brait.jpg\" alt=\"\" width=\"142\" height=\"198\" \/><br \/>\nDra. Beth Brait, editora \u2013 Bakhtiniana: Revista de Estudos do Discurso<\/p>\n<p><img loading=\"lazy\" decoding=\"async\" class=\"alignnone size-full wp-image-42\" title=\"denise_trento\" src=\"http:\/\/eventos.scielo.org\/icebloghumanas\/files\/2014\/02\/denise_trento.jpg\" alt=\"\" width=\"142\" height=\"198\" \/><br \/>\nDra. Denise Trento, Editora \u2013 Educa\u00e7\u00e3o e Pesquisa<\/p>\n<p><a href=\"http:\/\/eventos.scielo.org\/icebloghumanas\/files\/2014\/02\/pedro_jacobi.jpg\"><img loading=\"lazy\" decoding=\"async\" class=\"alignnone size-full wp-image-43\" title=\"pedro_jacobi\" src=\"http:\/\/eventos.scielo.org\/icebloghumanas\/files\/2014\/02\/pedro_jacobi.jpg\" alt=\"\" width=\"142\" height=\"198\" \/><\/a><br \/>\nDr. Pedro R. Jacobi, Editor \u2013 Ambiente &amp; Sociedade<\/p>\n<p><a href=\"http:\/\/eventos.scielo.org\/icebloghumanas\/files\/2014\/02\/peter_spink.jpg\"><img loading=\"lazy\" decoding=\"async\" class=\"alignnone size-full wp-image-44\" title=\"peter_spink\" src=\"http:\/\/eventos.scielo.org\/icebloghumanas\/files\/2014\/02\/peter_spink.jpg\" alt=\"\" width=\"142\" height=\"198\" \/><\/a><br \/>\nDr. Peter Spink, Editor \u2013 Revista de Administra\u00e7\u00e3o P\u00fablica<\/p>\n<p><a href=\"http:\/\/eventos.scielo.org\/icebloghumanas\/files\/2014\/02\/regina_facchini.jpg\"><img loading=\"lazy\" decoding=\"async\" class=\"alignnone size-full wp-image-45\" title=\"regina_facchini\" src=\"http:\/\/eventos.scielo.org\/icebloghumanas\/files\/2014\/02\/regina_facchini.jpg\" alt=\"\" width=\"142\" height=\"198\" \/><\/a><br \/>\nDra. Regina Facchini, Editora \u2013 Cadernos Pagu<\/p>\n<p>&nbsp;<\/p>\n<p><strong>Programa SciELO<\/strong><\/p>\n<p>Abel L. Packer \u2013 Diretor<br \/>\nFabiana Montanari \u2013 Colegiado SciELO<br \/>\nDenise Peres \u2013 Bibliotec\u00e1ria<br \/>\nLet\u00edcia Martins \u2013 T\u00e9cnica<br \/>\nMaria Santos \u2013 T\u00e9cnica<\/p>\n","protected":false},"excerpt":{"rendered":"<p>Editores Dra. Beth Brait, editora \u2013 Bakhtiniana: Revista de Estudos do Discurso Dra. Denise Trento, Editora \u2013 Educa\u00e7\u00e3o e Pesquisa Dr. Pedro R. Jacobi, Editor \u2013 Ambiente &amp; Sociedade Dr. Peter Spink, Editor \u2013 Revista de Administra\u00e7\u00e3o P\u00fablica Dra. Regina &hellip; <a href=\"https:\/\/eventos.scielo.org\/icebloghumanas\/participantes\/\">Continue reading <span class=\"meta-nav\">&rarr;<\/span><\/a><\/p>\n","protected":false},"author":3,"featured_media":43,"parent":0,"menu_order":0,"comment_status":"open","ping_status":"open","template":"","meta":{"footnotes":""},"class_list":["post-40","page","type-page","status-publish","has-post-thumbnail","hentry"],"aioseo_notices":[],"_links":{"self":[{"href":"https:\/\/eventos.scielo.org\/icebloghumanas\/wp-json\/wp\/v2\/pages\/40","targetHints":{"allow":["GET"]}}],"collection":[{"href":"https:\/\/eventos.scielo.org\/icebloghumanas\/wp-json\/wp\/v2\/pages"}],"about":[{"href":"https:\/\/eventos.scielo.org\/icebloghumanas\/wp-json\/wp\/v2\/types\/page"}],"author":[{"embeddable":true,"href":"https:\/\/eventos.scielo.org\/icebloghumanas\/wp-json\/wp\/v2\/users\/3"}],"replies":[{"embeddable":true,"href":"https:\/\/eventos.scielo.org\/icebloghumanas\/wp-json\/wp\/v2\/comments?post=40"}],"version-history":[{"count":4,"href":"https:\/\/eventos.scielo.org\/icebloghumanas\/wp-json\/wp\/v2\/pages\/40\/revisions"}],"predecessor-version":[{"id":52,"href":"https:\/\/eventos.scielo.org\/icebloghumanas\/wp-json\/wp\/v2\/pages\/40\/revisions\/52"}],"wp:featuredmedia":[{"embeddable":true,"href":"https:\/\/eventos.scielo.org\/icebloghumanas\/wp-json\/wp\/v2\/media\/43"}],"wp:attachment":[{"href":"https:\/\/eventos.scielo.org\/icebloghumanas\/wp-json\/wp\/v2\/media?parent=40"}],"curies":[{"name":"wp","href":"https:\/\/api.w.org\/{rel}","templated":true}]}}