{"id":8,"date":"2014-02-14T18:03:22","date_gmt":"2014-02-14T18:03:22","guid":{"rendered":"http:\/\/eventos.scielo.org\/icebloghumanas\/?page_id=8"},"modified":"2014-02-18T16:11:13","modified_gmt":"2014-02-18T16:11:13","slug":"agenda","status":"publish","type":"page","link":"https:\/\/eventos.scielo.org\/icebloghumanas\/","title":{"rendered":"Agenda"},"content":{"rendered":"<h1 align=\"center\">S\u00e3o Paulo, 18 de fevereiro de 2014<br \/>\n14 \u00e0s 18 horas<\/h1>\n<h1><strong>Termos de refer\u00eancia<\/strong><\/h1>\n<p>Reuni\u00e3o para a defini\u00e7\u00e3o de pol\u00edticas e procedimentos para a opera\u00e7\u00e3o do Blog SciELO em Perspectiva Humanas.<\/p>\n<h2><strong>Proposta de agenda<\/strong><\/h2>\n<table width=\"567\" border=\"0\" cellspacing=\"0\" cellpadding=\"0\">\n<tbody>\n<tr>\n<td valign=\"top\" width=\"85\"><strong>Dia 18\/02<\/strong><\/td>\n<td valign=\"top\" width=\"123\"><strong>T\u00f3picos<\/strong><\/td>\n<td valign=\"top\" width=\"233\"><strong>Objetivos<\/strong><\/td>\n<td valign=\"top\" width=\"126\"><strong>Respons\u00e1vel<\/strong><\/td>\n<\/tr>\n<tr>\n<td rowspan=\"6\" valign=\"top\" nowrap=\"nowrap\" width=\"85\"><strong>14h00 \u00e0s 16h00<\/strong><\/td>\n<td width=\"123\">Abertura<\/td>\n<td width=\"233\">Abertura, apresenta\u00e7\u00e3o dos objetivos da reuni\u00e3o<\/td>\n<td width=\"126\">Abel L. Packer<\/td>\n<\/tr>\n<tr>\n<td rowspan=\"2\" width=\"123\">Hist\u00f3rico de desenvolvimento<\/td>\n<td width=\"233\">Blog SciELO Perspectiva Humanas: origem e desenvolvimento<\/td>\n<td width=\"126\">Abel L. Packer<br \/>\nFabiana Montanari<\/td>\n<\/tr>\n<tr>\n<td width=\"233\">Word Press: ferramenta de agendamento e publica\u00e7\u00e3o de posts<\/td>\n<td width=\"126\">Abel L. Packer<br \/>\nFabiana Montanari<\/td>\n<\/tr>\n<tr>\n<td width=\"123\">Crit\u00e9rios, pol\u00edticas e procedimentos<\/td>\n<td width=\"233\">Crit\u00e9rios para a publica\u00e7\u00e3o de posts;<br \/>\nNormas para a publica\u00e7\u00e3o de press releases, entrevistas, notas, chamadas de trabalho;<br \/>\nAvalia\u00e7\u00e3o de contribui\u00e7\u00f5es pelo Comit\u00ea Editorial;<br \/>\nFun\u00e7\u00f5es do Comit\u00ea Editorial<\/td>\n<td width=\"126\">Abel L. Packer<br \/>\nFabiana Montanari<br \/>\nTodos os participantes<\/td>\n<\/tr>\n<tr>\n<td width=\"123\">A\u00e7\u00f5es futuras<\/td>\n<td width=\"233\">Reuni\u00f5es do Comit\u00ea Editorial;<br \/>\nChamadas para contribui\u00e7\u00f5es<\/td>\n<td width=\"126\">Abel L. Packer<br \/>\nFabiana Montanari<\/td>\n<\/tr>\n<tr>\n<td width=\"123\">\u00a0Encerramento<\/td>\n<td width=\"233\">Conclus\u00f5es<\/td>\n<td width=\"126\">Todos os participantes<\/td>\n<\/tr>\n<\/tbody>\n<\/table>\n<p>&nbsp;<\/p>\n","protected":false},"excerpt":{"rendered":"<p>S\u00e3o Paulo, 18 de fevereiro de 2014 14 \u00e0s 18 horas Termos de refer\u00eancia Reuni\u00e3o para a defini\u00e7\u00e3o de pol\u00edticas e procedimentos para a opera\u00e7\u00e3o do Blog SciELO em Perspectiva Humanas. Proposta de agenda Dia 18\/02 T\u00f3picos Objetivos Respons\u00e1vel 14h00 &hellip; <a href=\"https:\/\/eventos.scielo.org\/icebloghumanas\/\">Continue reading <span class=\"meta-nav\">&rarr;<\/span><\/a><\/p>\n","protected":false},"author":3,"featured_media":0,"parent":0,"menu_order":0,"comment_status":"open","ping_status":"open","template":"","meta":{"footnotes":""},"class_list":["post-8","page","type-page","status-publish","hentry"],"aioseo_notices":[],"_links":{"self":[{"href":"https:\/\/eventos.scielo.org\/icebloghumanas\/wp-json\/wp\/v2\/pages\/8","targetHints":{"allow":["GET"]}}],"collection":[{"href":"https:\/\/eventos.scielo.org\/icebloghumanas\/wp-json\/wp\/v2\/pages"}],"about":[{"href":"https:\/\/eventos.scielo.org\/icebloghumanas\/wp-json\/wp\/v2\/types\/page"}],"author":[{"embeddable":true,"href":"https:\/\/eventos.scielo.org\/icebloghumanas\/wp-json\/wp\/v2\/users\/3"}],"replies":[{"embeddable":true,"href":"https:\/\/eventos.scielo.org\/icebloghumanas\/wp-json\/wp\/v2\/comments?post=8"}],"version-history":[{"count":9,"href":"https:\/\/eventos.scielo.org\/icebloghumanas\/wp-json\/wp\/v2\/pages\/8\/revisions"}],"predecessor-version":[{"id":47,"href":"https:\/\/eventos.scielo.org\/icebloghumanas\/wp-json\/wp\/v2\/pages\/8\/revisions\/47"}],"wp:attachment":[{"href":"https:\/\/eventos.scielo.org\/icebloghumanas\/wp-json\/wp\/v2\/media?parent=8"}],"curies":[{"name":"wp","href":"https:\/\/api.w.org\/{rel}","templated":true}]}}