{"id":25,"date":"2020-11-12T15:47:03","date_gmt":"2020-11-12T12:47:03","guid":{"rendered":"http:\/\/eventos.scielo.org\/ixreuniaoscielo\/?page_id=25"},"modified":"2021-03-08T22:33:47","modified_gmt":"2021-03-08T19:33:47","slug":"programa","status":"publish","type":"page","link":"https:\/\/eventos.scielo.org\/ixreuniaoscielo\/programa\/","title":{"rendered":"Programa"},"content":{"rendered":"<p><a href=\"http:\/\/eventos.scielo.org\/ixreuniaoscielo\/files\/2020\/11\/grid_wp.jpg\" target=\"_blank\"><img loading=\"lazy\" decoding=\"async\" class=\"aligncenter wp-image-71 size-full\" src=\"http:\/\/eventos.scielo.org\/ixreuniaoscielo\/files\/2020\/11\/grid_wp.jpg\" alt=\"\" width=\"1974\" height=\"702\" srcset=\"https:\/\/eventos.scielo.org\/ixreuniaoscielo\/files\/2020\/11\/grid_wp.jpg 1974w, https:\/\/eventos.scielo.org\/ixreuniaoscielo\/files\/2020\/11\/grid_wp-300x107.jpg 300w, https:\/\/eventos.scielo.org\/ixreuniaoscielo\/files\/2020\/11\/grid_wp-768x273.jpg 768w, https:\/\/eventos.scielo.org\/ixreuniaoscielo\/files\/2020\/11\/grid_wp-1024x364.jpg 1024w\" sizes=\"auto, (max-width: 767px) 89vw, (max-width: 1000px) 54vw, (max-width: 1071px) 543px, 580px\" \/><\/a><a href=\"http:\/\/eventos.scielo.org\/ixreuniaoscielo\/files\/2020\/11\/grid_wp.png\" target=\"_blank\"><br \/>\n<\/a><\/p>\n<div style=\"border-bottom: 1px dashed #800000;\"><span style=\"color: #800000;\">09:00 \u2013 09:40<\/span><\/div>\n<p style=\"padding-left: 30px; padding-top: 3%; font-size: 18px;\"><strong>Abertura<\/strong><\/p>\n<p style=\"padding-left: 60px; padding-top: 3%; font-size: 18px;\">Prof. Dr. Ronaldo Aloise Pilli, Vice-Presidente do Conselho Superior da FAPESP e Professor Titular da Universidade Estadual de Campinas [<a href=\"http:\/\/lattes.cnpq.br\/4724644479889950\" target=\"_blank\">CV Lattes<\/a>]<\/p>\n<p style=\"padding-left: 60px; padding-top: 3%; font-size: 18px;\">Andrea Carvalho Vieira,\u00a0Coordenadora Geral do Portal de Peri\u00f3dicos da Capes\u00a0[<a href=\"http:\/\/lattes.cnpq.br\/3339346620493922\" target=\"_blank\">CV Lattes<\/a>]<\/p>\n<p style=\"padding-left: 60px; padding-top: 3%; font-size: 18px;\">Profa. Dra. Adriana Maria Tonini,\u00a0 Professora associada da Universidade Federal de Ouro Preto, Diretora de Engenharias, Ci\u00eancias Exatas, humanas e Sociais do Conselho Nacional de Desenvolvimento Cient\u00edfico e Tecnol\u00f3gico [<a href=\"http:\/\/lattes.cnpq.br\/7318970207481115\" target=\"_blank\">CV Lattes<\/a>]<\/p>\n<p style=\"padding-left: 30px; padding-top: 3%; font-size: 18px;\"><strong>O Estado de avan\u00e7o do Programa SciELO<\/strong><\/p>\n<p style=\"padding-left: 60px; padding-top: 3%; font-size: 18px;\">Abel L Packer, Diretor do Programa SciELO, Coordenador de Projetos da FapUNIFESP [<a href=\"http:\/\/lattes.cnpq.br\/6603329734556632\" target=\"_blank\">CV Lattes<\/a>] [<a href=\"https:\/\/scielo.figshare.com\/articles\/presentation\/O_Estado_de_avan_o_do_Programa_SciELO\/13385627\" target=\"_blank\">download<\/a>]<\/p>\n<div style=\"border-bottom: 1px dashed #800000;\"><span style=\"color: #800000;\">09:45 \u2013 10:30<\/span><\/div>\n<p style=\"padding-left: 30px; padding-top: 3%; font-size: 18px;\"><strong>SciELO Preprints e Avalia\u00e7\u00e3o por pares: estado atual, desafios e perspectivas<\/strong><\/p>\n<p style=\"padding-left: 60px; padding-top: 3%; font-size: 18px;\"><strong>Coordena\u00e7\u00e3o:\u00a0<\/strong><\/p>\n<p style=\"padding-left: 60px; padding-top: 3%; font-size: 18px;\">Profa. Dra. Rachel Meneguello, <span data-sheets-value=\"{'1':2,'2':'Universidade Estadual de Campinas'}\" data-sheets-userformat=\"{'2':14466,'4':{'1':2,'2':16777215},'10':1,'14':{'1':2,'2':0},'15':'Calibri','16':10}\">Professora Titular do Departamento de Ci\u00eancia Pol\u00edtica da Universidade Estadual de Campinas<\/span>, Editora-Chefe do peri\u00f3dico <em>Opini\u00e3o P\u00fablica<\/em> [<a href=\"http:\/\/lattes.cnpq.br\/2236330132553226\" target=\"_blank\">CV Lattes<\/a>]<\/p>\n<p style=\"padding-left: 60px; padding-top: 3%; font-size: 18px;\"><strong>Painelista:<\/strong><\/p>\n<p style=\"padding-left: 60px; padding-top: 3%; font-size: 18px;\">Alex Mendon\u00e7a, Coordenador de Preprints e Submiss\u00e3o Online do Programa SciELO [<a href=\"http:\/\/lattes.cnpq.br\/9439737769248015\" target=\"_blank\">CV Lattes<\/a>]\u00a0<a href=\"https:\/\/scielo.figshare.com\/articles\/presentation\/SciELO_Preprints_e_Avalia_o_por_pares_estado_atual_desafios_e_perspectivas\/13373747\" target=\"_blank\">[download]<\/a><\/p>\n<p style=\"padding-left: 60px; padding-top: 3%; font-size: 18px;\"><strong>Comentaristas:<\/strong><\/p>\n<p style=\"padding-left: 60px; padding-top: 3%; font-size: 18px;\">Prof. Dr. Paulo Nascimento Neto, Professor Adjunto Associado do Programa de P\u00f3s-gradua\u00e7\u00e3o em Gest\u00e3o Urbana da Pontif\u00edcia Universidade Cat\u00f3lica do Paran\u00e1, Editor-Adjunto do peri\u00f3dico <em>urbe. Revista Brasileira de Gest\u00e3o Urbana<\/em> [<a href=\"http:\/\/lattes.cnpq.br\/2399713645596610\" target=\"_blank\">CV Lattes<\/a>]<\/p>\n<p style=\"padding-left: 60px; padding-top: 3%; font-size: 18px;\">Prof. Dr. Fabio Frezatti, Professor Titular na Universidade de S\u00e3o Paulo, Editor-Chefe do peri\u00f3dico <em>Revista Contabilidade &amp; Finan\u00e7as<\/em> [<a href=\"http:\/\/lattes.cnpq.br\/0943711238845832\" target=\"_blank\">CV Lattes<\/a>] [<a href=\"https:\/\/scielo.figshare.com\/articles\/presentation\/Revista_Contabilidade_e_Finan_as\/14182484\" target=\"_blank\">download<\/a>]<\/p>\n<p style=\"padding-left: 60px; padding-top: 3%; font-size: 18px;\">Dr. Adeilton Alves Brand\u00e3o, Pesquisador no Laborat\u00f3rio Interdisciplinar de Pesquisas M\u00e9dicas do Instituto Oswaldo Cruz e Editor-Chefe do peri\u00f3dico <em>Mem\u00f3rias do Instituto Oswaldo Cruz<\/em> [<a href=\"http:\/\/lattes.cnpq.br\/0523061502973878\" target=\"_blank\">CV Lattes<\/a>]<\/p>\n<div style=\"border-bottom: 1px dashed #800000;\"><span style=\"color: #800000;\">10:45 \u2013 11:30<\/span><\/div>\n<p style=\"padding-left: 30px; padding-top: 3%; font-size: 18px;\"><strong>SciELO Data: estado atual, desafios e perspectivas<\/strong><\/p>\n<p style=\"padding-left: 60px; padding-top: 3%; font-size: 18px;\"><strong>Coordena\u00e7\u00e3o:\u00a0<\/strong><\/p>\n<p style=\"padding-left: 60px; padding-top: 3%; font-size: 18px;\">Dra. Leila Posenato Garcia, <span data-sheets-value=\"{'1':2,'2':'Universidade Estadual de Campinas'}\" data-sheets-userformat=\"{'2':14466,'4':{'1':2,'2':16777215},'10':1,'14':{'1':2,'2':0},'15':'Calibri','16':10}\">T\u00e9cnica de Planejamento e Pesquisa do Instituto de Pesquisa Econ\u00f4mica Aplicada<\/span>, Editora-Chefe do peri\u00f3dico <em>Epidemiologia e Servi\u00e7os de Sa\u00fade <\/em>[<a href=\"http:\/\/lattes.cnpq.br\/3764410041166009\" target=\"_blank\">CV Lattes<\/a>]<\/p>\n<p style=\"padding-left: 60px; padding-top: 3%; font-size: 18px;\"><strong>Painelista:<\/strong><\/p>\n<p style=\"padding-left: 60px; padding-top: 3%; font-size: 18px;\">Dra. Solange dos Santos, Coordenadora de Produ\u00e7\u00e3o e Publica\u00e7\u00e3o do Programa SciELO [<a href=\"http:\/\/lattes.cnpq.br\/1490307259359399\" target=\"_blank\">CV Lattes<\/a>] <a href=\"https:\/\/scielo.figshare.com\/articles\/presentation\/SciELO_Data_estado_atual_desafios_e_perspectivas\/13373753\" target=\"_blank\">[download]<\/a><\/p>\n<p style=\"padding-left: 60px; padding-top: 3%; font-size: 18px;\"><strong>Comentaristas:<\/strong><\/p>\n<p style=\"padding-left: 60px; padding-top: 3%; font-size: 18px;\">Prof. Dr. Luiz Augusto Campos, Professor de Sociologia e Ci\u00eancia Pol\u00edtica no Instituto de Estudos Sociais e Pol\u00edticos da Universidade do Estado do Rio de Janeiro, Editor-Chefe do peri\u00f3dico <em>Dados<\/em> [<a href=\"http:\/\/lattes.cnpq.br\/7225759728395382\" target=\"_blank\">CV Lattes<\/a>]<\/p>\n<p style=\"padding-left: 60px; padding-top: 3%; font-size: 18px;\">Profa. Dra. Carla Pavanelli, Bi\u00f3loga da Universidade Estadual de Maring\u00e1 e Curadora da Cole\u00e7\u00e3o Ictiol\u00f3gica do N\u00facleo de Pesquisas em Limnologia, Ictiologia e Aquicultura (Nup\u00e9lia), Editora-Chefe do peri\u00f3dico <em>Neotropical Ichthyology<\/em> [<a href=\"http:\/\/lattes.cnpq.br\/4736689569569454\" target=\"_blank\">CV Lattes<\/a>]<\/p>\n<p style=\"padding-left: 60px; padding-top: 3%; font-size: 18px;\">Prof. Dr. Daniel Arruda Coronel, Professor Associado do Departamento de Economia e Rela\u00e7\u00f5es Internacionais da Universidade Federal de Santa Maria, membro do Comit\u00ea Editorial do peri\u00f3dico <em>Revista de Economia e Sociologia Rural<\/em> e Editor Associado do peri\u00f3dico <em>Ci\u00eancia Rural<\/em> [<a href=\"http:\/\/lattes.cnpq.br\/9265604274170933\" target=\"_blank\">CV Lattes<\/a>]<\/p>\n<div style=\"border-bottom: 1px dashed #800000;\"><span style=\"color: #800000;\">11:45 \u2013 12:30<\/span><\/div>\n<p style=\"padding-left: 30px; padding-top: 3%; font-size: 18px;\"><strong>SciELO na Visibilidade e Sustentabilidade da comunica\u00e7\u00e3o cient\u00edfica do Brasil<\/strong><\/p>\n<p style=\"padding-left: 60px; padding-top: 3%; font-size: 18px;\"><strong>Coordena\u00e7\u00e3o:\u00a0<\/strong><\/p>\n<p style=\"padding-left: 60px; padding-top: 3%; font-size: 18px;\">Prof. Dr. Sigmar de Mello Rode, Professor Titular da Universidade Estadual Paulista &#8220;J\u00falio de Mesquita Filho&#8221;, Presidente da Associa\u00e7\u00e3o Brasileira de Editores Cient\u00edficos [<a href=\"http:\/\/lattes.cnpq.br\/3422118958429909\" target=\"_blank\">CV Lattes<\/a>]<\/p>\n<p style=\"padding-left: 60px; padding-top: 3%; font-size: 18px;\"><strong>Painelista:<\/strong><\/p>\n<p style=\"padding-left: 60px; padding-top: 3%; font-size: 18px;\">Abel L Packer, Diretor do Programa SciELO, Coordenador de Projeto da FapUNIFESP\u00a0[<a href=\"http:\/\/lattes.cnpq.br\/6603329734556632\" target=\"_blank\">CV Lattes<\/a>] [<a href=\"https:\/\/scielo.figshare.com\/articles\/presentation\/SciELO_na_Visibilidade_e_Sustentabilidade_da_comunica_o_cient_fica_do_Brasil\/13385624\" target=\"_blank\">download<\/a>]<\/p>\n<p style=\"padding-left: 60px; padding-top: 3%; font-size: 18px;\"><strong>Comentaristas:<\/strong><\/p>\n<p style=\"padding-left: 60px; padding-top: 3%; font-size: 18px;\">Prof. Dr. Ant\u00f4nio Carlos Lessa, Professor Titular de Rela\u00e7\u00f5es Internacionais da Universidade de Bras\u00edlia, Editor-Chefe do peri\u00f3dico <em>Revista Brasileira de Pol\u00edtica Internacional<\/em> [<a href=\"http:\/\/lattes.cnpq.br\/7585443845426041\" target=\"_blank\">CV Lattes<\/a>]<\/p>\n<p style=\"padding-left: 60px; padding-top: 3%; font-size: 18px;\">Profa. Dra. Ivone Cabral<span data-sheets-value=\"{'1':2,'2':'Universidade Estadual de Campinas'}\" data-sheets-userformat=\"{'2':14466,'4':{'1':2,'2':16777215},'10':1,'14':{'1':2,'2':0},'15':'Calibri','16':10}\">, Professora Titular (aposentada) do Departamento de Enfermagem Materno Infantil da Escola de Enfermagem Anna Nery da <\/span>Universidade Federal do Rio de Janeiro, Editora-Chefe do peri\u00f3dico <em>Escola Anna Nery<\/em> [<a href=\"http:\/\/lattes.cnpq.br\/7561708512534413\" target=\"_blank\">CV Lattes<\/a>]<\/p>\n<p style=\"padding-left: 60px; padding-top: 3%; font-size: 18px;\">Prof. Dr. Guilherme Parsekian, Professor Associado da Universidade Federal de S\u00e3o Carlos, Editor-Chefe do peri\u00f3dico <em>Revista IBRACON de Estruturas e Materiais<\/em> [<a href=\"http:\/\/lattes.cnpq.br\/7798651726059215\" target=\"_blank\">CV Lattes<\/a>]<\/p>\n","protected":false},"excerpt":{"rendered":"<p>09:00 \u2013 09:40 Abertura Prof. Dr. Ronaldo Aloise Pilli, Vice-Presidente do Conselho Superior da FAPESP e Professor Titular da Universidade Estadual de Campinas [CV Lattes] Andrea Carvalho Vieira,\u00a0Coordenadora Geral do Portal de Peri\u00f3dicos da Capes\u00a0[CV Lattes] Profa. Dra. Adriana Maria Tonini,\u00a0 Professora associada da Universidade Federal de Ouro Preto, Diretora de Engenharias, Ci\u00eancias Exatas, humanas &hellip; <\/p>\n<p class=\"link-more\"><a href=\"https:\/\/eventos.scielo.org\/ixreuniaoscielo\/programa\/\" class=\"more-link\">Continue lendo<span class=\"screen-reader-text\"> &#8220;Programa&#8221;<\/span><\/a><\/p>\n","protected":false},"author":3,"featured_media":0,"parent":0,"menu_order":0,"comment_status":"closed","ping_status":"closed","template":"","meta":{"footnotes":""},"class_list":["post-25","page","type-page","status-publish","hentry"],"aioseo_notices":[],"_links":{"self":[{"href":"https:\/\/eventos.scielo.org\/ixreuniaoscielo\/wp-json\/wp\/v2\/pages\/25","targetHints":{"allow":["GET"]}}],"collection":[{"href":"https:\/\/eventos.scielo.org\/ixreuniaoscielo\/wp-json\/wp\/v2\/pages"}],"about":[{"href":"https:\/\/eventos.scielo.org\/ixreuniaoscielo\/wp-json\/wp\/v2\/types\/page"}],"author":[{"embeddable":true,"href":"https:\/\/eventos.scielo.org\/ixreuniaoscielo\/wp-json\/wp\/v2\/users\/3"}],"replies":[{"embeddable":true,"href":"https:\/\/eventos.scielo.org\/ixreuniaoscielo\/wp-json\/wp\/v2\/comments?post=25"}],"version-history":[{"count":31,"href":"https:\/\/eventos.scielo.org\/ixreuniaoscielo\/wp-json\/wp\/v2\/pages\/25\/revisions"}],"predecessor-version":[{"id":81,"href":"https:\/\/eventos.scielo.org\/ixreuniaoscielo\/wp-json\/wp\/v2\/pages\/25\/revisions\/81"}],"wp:attachment":[{"href":"https:\/\/eventos.scielo.org\/ixreuniaoscielo\/wp-json\/wp\/v2\/media?parent=25"}],"curies":[{"name":"wp","href":"https:\/\/api.w.org\/{rel}","templated":true}]}}