{"id":54,"date":"2025-10-20T10:43:54","date_gmt":"2025-10-20T13:43:54","guid":{"rendered":"https:\/\/eventos.scielo.org\/reuniaoscielo2025\/?page_id=54"},"modified":"2026-04-16T11:04:18","modified_gmt":"2026-04-16T14:04:18","slug":"programa","status":"publish","type":"page","link":"https:\/\/eventos.scielo.org\/reuniaoscielo2025\/programa\/","title":{"rendered":"Programa"},"content":{"rendered":"\n<h4 class=\"wp-block-heading\">08:30 &#8211; 09:00 &#8211; Registro<\/h4>\n\n\n\n<h4 class=\"wp-block-heading\">09:00 &#8211; 09:15 &#8211; Estado de desenvolvimento do Programa SciELO <a href=\"https:\/\/youtu.be\/efCJ7mm6Fd0?si=fZBSsQyNmgTVFkUv&amp;t=1\" target=\"_blank\" rel=\"noopener\" title=\"\">\ud83d\udda5\ufe0f<\/a><\/h4>\n\n\n\n<p>MLS Abel L Packer, Diretor do Programa SciELO&nbsp;[<a href=\"http:\/\/lattes.cnpq.br\/6603329734556632\" target=\"_blank\" rel=\"noreferrer noopener\">CV Lattes<\/a>] [<a href=\"https:\/\/orcid.org\/0000-0001-9610-5728\" target=\"_blank\" rel=\"noreferrer noopener\">ORCID<\/a>] [<a href=\"https:\/\/scholar.google.com.br\/citations?hl=en&amp;user=hC0X-HoAAAAJ\" target=\"_blank\" rel=\"noreferrer noopener\">Google Scholar<\/a>] <strong>[<a href=\"https:\/\/doi.org\/10.48331\/scielo.PDUV5I\" target=\"_blank\" rel=\"noopener\" title=\"Baixar apresenta\u00e7\u00e3o\">Baixar apresenta\u00e7\u00e3o<\/a>]<\/strong><\/p>\n\n\n\n<h4 class=\"wp-block-heading\">09:15 &#8211; 10:45 &#8211; Soberania nacional e comunica\u00e7\u00e3o de pesquisas. Painel de Autoridades <a href=\"https:\/\/youtu.be\/efCJ7mm6Fd0?si=0c-cmw0_iwh8UJFt&amp;t=1720\" target=\"_blank\" rel=\"noopener\" title=\"\">\ud83d\udda5\ufe0f<\/a><\/h4>\n\n\n\n<p><strong>Coordena\u00e7\u00e3o<\/strong><br>Profa. Dra.&nbsp;Helena Bonciani Nader, Presidente da Academia Brasileira de Ci\u00eancias (ABC), Presidente de Honra da Sociedade Brasileira para o Progresso da Ci\u00eancia (SBPC) e Professora Titular da Universidade Federal de S\u00e3o Paulo (Unifesp) [<a href=\"http:\/\/lattes.cnpq.br\/7175631659428994\" target=\"_blank\" rel=\"noopener\" title=\"\">CV Lattes<\/a>] [<a href=\"https:\/\/orcid.org\/0000-0002-7569-2166\" target=\"_blank\" rel=\"noopener\" title=\"\">ORCID<\/a>] [<a href=\"https:\/\/scholar.google.com.br\/citations?hl=pt-BR&amp;user=-voe0R4AAAAJ\" target=\"_blank\" rel=\"noopener\" title=\"\">Google Scholar<\/a>]<\/p>\n\n\n\n<p>Prof. Dr. Anderson Stevens Leonidas Gomes, Presidente do Centro de Gest\u00e3o e Estudos Estrat\u00e9gicos (CGEE), Presidente da Academia Pernambucana de Ci\u00eancias e Vice-Presidente para a regi\u00e3o Nordeste e o Esp\u00edrito Santo da Academia Brasileira de Ci\u00eancias (ABC) [<a href=\"http:\/\/lattes.cnpq.br\/8841334894205599\" target=\"_blank\" rel=\"noopener\" title=\"\">CV Lattes<\/a>] [<a href=\"https:\/\/orcid.org\/0000-0001-6536-6570\" target=\"_blank\" rel=\"noopener\" title=\"\">ORCID<\/a>] [<a href=\"https:\/\/scholar.google.com.br\/citations?user=gg0nvbUAAAAJ&amp;hl=pt-BR&amp;oi=ao\" title=\"\">Google Scholar<\/a>] <a href=\"https:\/\/youtu.be\/Hry0uz_gZGw?si=WB_LvBZm7MBbSOyq\" target=\"_blank\" rel=\"noopener\" title=\"\">\ud83d\udda5\ufe0f<\/a> <strong>[<a href=\"https:\/\/doi.org\/10.48331\/scielo.EROYYT\" target=\"_blank\" rel=\"noopener\" title=\"\">Baixar apresenta\u00e7\u00e3o<\/a>]<\/strong><\/p>\n\n\n\n<p>Profa. Dra. Daniela Freddo, Diretora de Informa\u00e7\u00e3o Cient\u00edfica e Estudos Avan\u00e7ados da CAPES e Professora Adjunta do Departamento de Economia da Universidade de Bras\u00edlia (UnB) [<a href=\"http:\/\/lattes.cnpq.br\/2272842229824956\" target=\"_blank\" rel=\"noopener\" title=\"\">CV Lattes<\/a>] [<a href=\"https:\/\/orcid.org\/0000-0003-1188-174X\" target=\"_blank\" rel=\"noopener\" title=\"\">ORCID<\/a>] [<a href=\"https:\/\/scholar.google.com\/citations?hl=pt-BR&amp;user=ezRok-MAAAAJ\" target=\"_blank\" rel=\"noopener\" title=\"\">Google Scholar<\/a>]<\/p>\n\n\n\n<p>Profa. Dra.&nbsp;Denise Pires de Carvalho,&nbsp;Presidente da Coordena\u00e7\u00e3o de Aperfei\u00e7oamento de Pessoal de N\u00edvel Superior (CAPES) [<a href=\"https:\/\/lattes.cnpq.br\/3537062520522134\" target=\"_blank\" rel=\"noopener\" title=\"\">CV Lattes<\/a>] [<a href=\"https:\/\/orcid.org\/0000-0001-6933-6424\" target=\"_blank\" rel=\"noopener\" title=\"\">ORCID<\/a>] [<a href=\"https:\/\/scholar.google.com.br\/citations?hl=pt-BR&amp;user=ia0LfkoAAAAJ\" target=\"_blank\" rel=\"noopener\" title=\"\">Google Scholar<\/a>] <a href=\"https:\/\/youtu.be\/kV_8OlGLINY?si=9hGnf1KMDE83Ey8i\" target=\"_blank\" rel=\"noopener\" title=\"\">\ud83d\udda5\ufe0f<\/a><\/p>\n\n\n\n<p>Prof. Dr. Marcel do Nascimento Botelho, Presidente da Conselho Nacional das Funda\u00e7\u00f5es Estaduais de Amparo \u00e0 Pesquisa (CONFAP) e diretor-presidente da Funda\u00e7\u00e3o Amaz\u00f4nia de Amparo a Estudos e Pesquisas (Fapespa) [<a href=\"http:\/\/lattes.cnpq.br\/2289364621368345\" target=\"_blank\" rel=\"noopener\" title=\"\">CV Lattes<\/a>] [<a href=\"https:\/\/orcid.org\/0000-0001-8074-5755\" target=\"_blank\" rel=\"noopener\" title=\"\">ORCID<\/a>]<\/p>\n\n\n\n<p>Prof. Dr. Moacyr Ayres Novaes Filho, Professor Titular do Departamento de Filosofia, da Faculdade de Filosofia, Letras e Ci\u00eancias Humanas da USP e Assessor de Colabora\u00e7\u00f5es em Pesquisa dar\u00e1 as boas-vindas \u00e0 reuni\u00e3o em nome da dire\u00e7\u00e3o da FAPESP [<a href=\"http:\/\/lattes.cnpq.br\/4210588393994647\" target=\"_blank\" rel=\"noopener\" title=\"\">CV Lattes<\/a>] [<a href=\"https:\/\/orcid.org\/0000-0003-1087-7167\" target=\"_blank\" rel=\"noopener\" title=\"\">ORCID<\/a>] [<a href=\"https:\/\/scholar.google.com.br\/citations?hl=pt-BR&amp;user=vvVY5hQAAAAJ\" target=\"_blank\" rel=\"noopener\" title=\"\">Google Scholar<\/a>]<\/p>\n\n\n\n<p>Prof. Dr. Olival Freire J\u00fanior, Presidente do Conselho Nacional de Desenvolvimento Cient\u00edfico e Tecnol\u00f3gico (CNPq) e Professor Titular do Instituto de F\u00edsica da Universidade Federal da Bahia (UFBA) [<a href=\"https:\/\/lattes.cnpq.br\/5534156006634736\" target=\"_blank\" rel=\"noopener\" title=\"\">CV Lattes<\/a>] [<a href=\"https:\/\/orcid.org\/0000-0003-3401-8885\" target=\"_blank\" rel=\"noopener\" title=\"\">ORCID<\/a>] [<a href=\"https:\/\/scholar.google.com.br\/citations?hl=pt-BR&amp;user=aRKkHwIAAAAJ\" target=\"_blank\" rel=\"noopener\" title=\"\">Google Scholar<\/a>] <a href=\"https:\/\/youtu.be\/ohTTzLQsExU?si=RBAlrW5sbFeFH_lS\" target=\"_blank\" rel=\"noopener\" title=\"\">\ud83d\udda5\ufe0f<\/a><\/p>\n\n\n\n<p>Profa. Dra.&nbsp;Soraya Soubhi Smaili,&nbsp;Vice-Presidente da Sociedade Brasileira para o Progresso da Ci\u00eancia (SBPC) e Professora Titular do Departamento de Farmacologia da Escola Paulista de Medicina da Universidade Federal de S\u00e3o Paulo (Unifesp) [<a href=\"http:\/\/lattes.cnpq.br\/6368730022418127\" target=\"_blank\" rel=\"noopener\" title=\"\">CV Lattes<\/a>] [<a href=\"https:\/\/orcid.org\/0000-0001-5844-1368\" target=\"_blank\" rel=\"noopener\" title=\"\">ORCID<\/a>] [<a href=\"https:\/\/scholar.google.com.br\/citations?hl=pt-BR&amp;user=e2rTmC8AAAAJ\" target=\"_blank\" rel=\"noopener\" title=\"\">Google Scholar<\/a>]<\/p>\n\n\n\n<p>Prof. Dr. Tiago Emmanuel Nunes Braga, Diretor do Instituto Brasileiro de Informa\u00e7\u00e3o em Ci\u00eancia e Tecnologia (IBICT), l\u00edder do Laborat\u00f3rio de Informa\u00e7\u00e3o e Sociedade (Insumo) e Professor do Programa de P\u00f3s-Gradua\u00e7\u00e3o em Ci\u00eancia da Informa\u00e7\u00e3o (PPGCI\/IBICT) [<a href=\"https:\/\/lattes.cnpq.br\/8376134230259399\" target=\"_blank\" rel=\"noopener\" title=\"\">CV Lattes<\/a>] [<a href=\"https:\/\/orcid.org\/0000-0001-6332-7965\" target=\"_blank\" rel=\"noopener\" title=\"\">ORCID<\/a>] [<a href=\"https:\/\/scholar.google.com.br\/citations?hl=pt-BR&amp;user=OK7RgssAAAAJ\" target=\"_blank\" rel=\"noopener\" title=\"\">Google Scholar<\/a>]<\/p>\n\n\n\n<h4 class=\"wp-block-heading\">10:45 \u2013 11:10 \u2013 Coffee break<\/h4>\n\n\n\n<h4 class=\"wp-block-heading\">11:15 &#8211; 11:45 &#8211; Ci\u00eancia Aberta &#8211; superando resist\u00eancias e desafios. Painel de editores <a href=\"https:\/\/youtu.be\/xjvRkRjvB14?si=IBzf9u7H2YEg_gxo&amp;t=6044\" target=\"_blank\" rel=\"noopener\" title=\"\">\ud83d\udda5\ufe0f<\/a><\/h4>\n\n\n\n<p><strong>Coordena\u00e7\u00e3o<\/strong><br>Prof. Dr.&nbsp;Paulo Nascimento Neto, Professor e atual Coordenador do Programa de P\u00f3s-gradua\u00e7\u00e3o em Gest\u00e3o Urbana (PPGTU) da Pontif\u00edcia Universidade Cat\u00f3lica do Paran\u00e1 (PUC-PR) e editor-chefe do peri\u00f3dico <em>urbe. Revista Brasileira de Gest\u00e3o Urbana<\/em> [<a href=\"https:\/\/lattes.cnpq.br\/2399713645596610\" target=\"_blank\" rel=\"noopener\" title=\"\">CV Lattes<\/a>] [<a href=\"https:\/\/orcid.org\/0000-0002-8518-9978\" target=\"_blank\" rel=\"noopener\" title=\"\">ORCID<\/a>] [<a href=\"https:\/\/scholar.google.com.br\/citations?hl=pt-BR&amp;user=p9Q7aCsAAAAJ\" target=\"_blank\" rel=\"noopener\" title=\"\">Google Scholar<\/a>]<\/p>\n\n\n\n<p><strong>Comentaristas<\/strong><br>Prof. Dr.&nbsp;Adeilton Brand\u00e3o, Pesquisador do Instituto Oswaldo Cruz (IOC), Funda\u00e7\u00e3o Oswaldo Cruz (Fiocruz) e editor-chefe do peri\u00f3dico <em>Mem\u00f3rias do Instituto Oswaldo Cruz<\/em> [<a href=\"https:\/\/lattes.cnpq.br\/0523061502973878\" target=\"_blank\" rel=\"noopener\" title=\"\">CV Lattes<\/a>] [<a href=\"https:\/\/orcid.org\/0000-0001-5877-607X\" target=\"_blank\" rel=\"noopener\" title=\"\">ORCID<\/a>] [<a href=\"https:\/\/scholar.google.com.br\/citations?hl=pt-BR&amp;user=ZvKZ2ccAAAAJ\" target=\"_blank\" rel=\"noopener\" title=\"\">Google Scholar<\/a>]<\/p>\n\n\n\n<p>Profa. Dra. Andr\u00e9a Slemian, Professora da Universidade Federal de S\u00e3o Paulo (Unifesp), Editora-chefe da&nbsp;<em>Revista Almanack<\/em>&nbsp;e representante titular da \u00e1rea de Ci\u00eancias Humanas no Comit\u00ea Consultivo SciELO Brasil&nbsp;[<a href=\"http:\/\/lattes.cnpq.br\/0404099413276302\" target=\"_blank\" rel=\"noreferrer noopener\">CV Lattes<\/a>] [<a href=\"https:\/\/orcid.org\/0000-0002-2745-7073\" target=\"_blank\" rel=\"noreferrer noopener\">ORCID<\/a>] [<a href=\"https:\/\/scholar.google.com.br\/citations?hl=pt-BR&amp;user=vIxkSGIAAAAJ\" target=\"_blank\" rel=\"noreferrer noopener\">Google Scholar<\/a>] <strong>[<a href=\"https:\/\/doi.org\/10.48331\/scielo.ZZCROT\" target=\"_blank\" rel=\"noopener\" title=\"Baixar apresenta\u00e7\u00e3o\">Baixar apresenta\u00e7\u00e3o<\/a>]<\/strong><\/p>\n\n\n\n<h4 class=\"wp-block-heading\">11:45 &#8211; 12:30 &#8211; Conviv\u00eancia &#8211; Intelig\u00eancia Artificial e comunica\u00e7\u00e3o de pesquisas. Painel de editores <a href=\"https:\/\/youtu.be\/xjvRkRjvB14?si=IBzf9u7H2YEg_gxo&amp;t=8829\" target=\"_blank\" rel=\"noopener\" title=\"\ud83d\udda5\ufe0f\">\ud83d\udda5\ufe0f<\/a><\/h4>\n\n\n\n<p><strong>Coordena\u00e7\u00e3o<\/strong><br>Prof. Dr.&nbsp;Ricardo Limongi, Professor Associado na Universidade Federal de Goi\u00e1s (UFG) e editor-chefe do peri\u00f3dico <em>BAR &#8211; Brazilian Administration Review<\/em> [<a href=\"https:\/\/lattes.cnpq.br\/9466882455242939\" target=\"_blank\" rel=\"noopener\" title=\"\">CV Lattes<\/a>] [<a href=\"https:\/\/orcid.org\/0000-0003-3231-7515\" target=\"_blank\" rel=\"noopener\" title=\"\">ORCID<\/a>] [<a href=\"https:\/\/scholar.google.com.br\/citations?hl=pt-BR&amp;user=DpkPDqEAAAAJ\" target=\"_blank\" rel=\"noopener\" title=\"\">Google Scholar<\/a>] <strong>[<a href=\"https:\/\/doi.org\/10.48331\/scielo.ILOZYT\" target=\"_blank\" rel=\"noopener\" title=\"Baixar apresenta\u00e7\u00e3o\">Baixar apresenta\u00e7\u00e3o<\/a>]<\/strong><\/p>\n\n\n\n<p><strong>Comentarista<\/strong><br>Profa. Dra. Milena Pavan Serafim, Professora associada (livre-docente) da Faculdade de Ci\u00eancias Aplicadas da Universidade Estadual de Campinas (UNICAMP) e editora-chefe do peri\u00f3dico <em>Avalia\u00e7\u00e3o: Revista da Avalia\u00e7\u00e3o da Educa\u00e7\u00e3o Superior (Campinas)<\/em> [<a href=\"http:\/\/lattes.cnpq.br\/0394606527784711\" target=\"_blank\" rel=\"noopener\" title=\"\">CV Lattes<\/a>] [<a href=\"https:\/\/orcid.org\/0000-0002-7541-4182\" target=\"_blank\" rel=\"noopener\" title=\"\">ORCID<\/a>] [<a href=\"https:\/\/scholar.google.com.br\/citations?hl=pt-BR&amp;user=aLLx7isAAAAJ\" target=\"_blank\" rel=\"noopener\" title=\"\">Google Scholar<\/a>]<\/p>\n\n\n\n<h4 class=\"wp-block-heading\">12:30 &#8211; 12:50 &#8211; Encerramento &#8211; O efeito SciELO. Perspectivas. <a href=\"https:\/\/youtu.be\/xjvRkRjvB14?si=IBzf9u7H2YEg_gxo&amp;t=11284\" target=\"_blank\" rel=\"noopener\" title=\"\">\ud83d\udda5\ufe0f<\/a><\/h4>\n\n\n\n<p><strong>Coordena\u00e7\u00e3o<\/strong><br>Profa. Dra. Marimelia Porcionatto, Presidente da FapUNIFESP e Professora Titular do Departamento de Bioqu\u00edmica da Escola Paulista de Medicina (EPM) da Universidade Federal de S\u00e3o Paulo (Unifesp) [<a href=\"https:\/\/lattes.cnpq.br\/6155537170968904\" target=\"_blank\" rel=\"noopener\" title=\"\">CV Lattes<\/a>] [<a href=\"https:\/\/orcid.org\/0000-0001-6287-916X\" target=\"_blank\" rel=\"noopener\" title=\"\">ORCID<\/a>] [<a href=\"https:\/\/scholar.google.com.br\/citations?hl=pt-BR&amp;user=TvynLZcAAAAJ\" target=\"_blank\" rel=\"noopener\" title=\"\">Google Scholar<\/a>]<\/p>\n\n\n\n<p><\/p>\n\n\n\n<p>Dra.&nbsp;Andrea Carvalho Vieira,&nbsp;Coordenadora-geral do Portal de Peri\u00f3dicos da CAPES [<a href=\"http:\/\/lattes.cnpq.br\/3339346620493922\" target=\"_blank\" rel=\"noreferrer noopener\">CV Lattes<\/a>] [<a href=\"https:\/\/orcid.org\/0000-0002-3776-2477\" target=\"_blank\" rel=\"noreferrer noopener\">ORCID<\/a>] [<a href=\"https:\/\/scholar.google.com.br\/citations?hl=pt-BR&amp;user=C4TokMMAAAAJ\" target=\"_blank\" rel=\"noreferrer noopener\">Google Scholar<\/a>]<\/p>\n\n\n\n<p>Profa. Dra. Edna Frasson de Souza Montero, Presidente da Associa\u00e7\u00e3o Brasileira de Editores Cient\u00edficos (ABEC Brasil), Professora Associada da Universidade de S\u00e3o Paulo (USP), Professora Afiliada da Universidade Federal de S\u00e3o Paulo (Unifesp) e editora-chefe do peri\u00f3dico <em>Acta Cir\u00fargica Brasileira<\/em> [<a href=\"http:\/\/lattes.cnpq.br\/2841222962564489\" target=\"_blank\" rel=\"noopener\" title=\"\">CV Lattes<\/a>] [<a href=\"https:\/\/orcid.org\/0000-0003-1437-1219\" target=\"_blank\" rel=\"noopener\" title=\"\">ORCID<\/a>] [<a href=\"https:\/\/scholar.google.com.br\/citations?hl=pt-BR&amp;user=O1bOh6EAAAAJ\" target=\"_blank\" rel=\"noopener\" title=\"\">Google Scholar<\/a>]<\/p>\n","protected":false},"excerpt":{"rendered":"<p>08:30 &#8211; 09:00 &#8211; Registro 09:00 &#8211; 09:15 &#8211; Estado de desenvolvimento do Programa SciELO \ud83d\udda5\ufe0f MLS Abel L Packer, Diretor do Programa SciELO&nbsp;[CV Lattes] [ORCID] [Google Scholar] [Baixar apresenta\u00e7\u00e3o] 09:15 &#8211; 10:45 &#8211; Soberania nacional e comunica\u00e7\u00e3o de pesquisas. Painel de Autoridades \ud83d\udda5\ufe0f Coordena\u00e7\u00e3oProfa. Dra.&nbsp;Helena Bonciani Nader, Presidente da Academia Brasileira de Ci\u00eancias (ABC), &hellip; <\/p>\n<p class=\"link-more\"><a href=\"https:\/\/eventos.scielo.org\/reuniaoscielo2025\/programa\/\" class=\"more-link\">Continue lendo<span class=\"screen-reader-text\"> &#8220;Programa&#8221;<\/span><\/a><\/p>\n","protected":false},"author":18,"featured_media":0,"parent":0,"menu_order":1,"comment_status":"closed","ping_status":"closed","template":"","meta":{"footnotes":""},"class_list":["post-54","page","type-page","status-publish","hentry"],"aioseo_notices":[],"_links":{"self":[{"href":"https:\/\/eventos.scielo.org\/reuniaoscielo2025\/wp-json\/wp\/v2\/pages\/54","targetHints":{"allow":["GET"]}}],"collection":[{"href":"https:\/\/eventos.scielo.org\/reuniaoscielo2025\/wp-json\/wp\/v2\/pages"}],"about":[{"href":"https:\/\/eventos.scielo.org\/reuniaoscielo2025\/wp-json\/wp\/v2\/types\/page"}],"author":[{"embeddable":true,"href":"https:\/\/eventos.scielo.org\/reuniaoscielo2025\/wp-json\/wp\/v2\/users\/18"}],"replies":[{"embeddable":true,"href":"https:\/\/eventos.scielo.org\/reuniaoscielo2025\/wp-json\/wp\/v2\/comments?post=54"}],"version-history":[{"count":59,"href":"https:\/\/eventos.scielo.org\/reuniaoscielo2025\/wp-json\/wp\/v2\/pages\/54\/revisions"}],"predecessor-version":[{"id":376,"href":"https:\/\/eventos.scielo.org\/reuniaoscielo2025\/wp-json\/wp\/v2\/pages\/54\/revisions\/376"}],"wp:attachment":[{"href":"https:\/\/eventos.scielo.org\/reuniaoscielo2025\/wp-json\/wp\/v2\/media?parent=54"}],"curies":[{"name":"wp","href":"https:\/\/api.w.org\/{rel}","templated":true}]}}