{"id":9,"date":"2016-05-18T14:54:15","date_gmt":"2016-05-18T14:54:15","guid":{"rendered":"http:\/\/eventos.scielo.org\/viiiccscielolivros\/?page_id=9"},"modified":"2016-05-24T14:43:21","modified_gmt":"2016-05-24T14:43:21","slug":"programacao","status":"publish","type":"page","link":"https:\/\/eventos.scielo.org\/viiiccscielolivros\/programacao\/","title":{"rendered":"Programa\u00e7\u00e3o"},"content":{"rendered":"<p><strong style=\"color: #373737;\">VIII Reuni\u00e3o Comit\u00ea Consultivo SciELO Livros<\/strong><\/p>\n<p><strong>24\u00a0de Maio\u00a0de 2016<\/strong><\/p>\n<p><strong>14:00 \u2013 14:15<\/strong><\/p>\n<p><span style=\"color: #800000;\">Abertura, apresenta\u00e7\u00e3o dos objetivos da reuni\u00e3o e revis\u00e3o da agenda<\/span><\/p>\n<ul>\n<li><em>Abel L. Packer<\/em><\/li>\n<\/ul>\n<p><strong>14:15 \u2013 15:00<\/strong><\/p>\n<p><span style=\"color: #800000;\">Avalia\u00e7\u00e3o de inclus\u00e3o de t\u00edtulos das editoras j\u00e1 participantes<\/span><\/p>\n<p style=\"padding-left: 30px;\">Editora FIOCRUZ \u2013 1 t\u00edtulo<strong><strong><br \/>\n<\/strong><\/strong>Editora UNESP \u2013 73\u00a0t\u00edtulos<br \/>\nEDUEM \u2013 7 t\u00edtulos<br \/>\nEDUEPB \u2013 10 t\u00edtulos<br \/>\nEDUFBA \u2013 1 t\u00edtulo<br \/>\nEdUFSCar \u2013 4 t\u00edtulos<\/p>\n<ul>\n<li><em>Todos os participantes<\/em><\/li>\n<\/ul>\n<p><strong>15:00 \u2013 15:45<\/strong><\/p>\n<p><span style=\"color: #800000;\">Avalia\u00e7\u00e3o de inclus\u00e3o de\u00a0novas editoras<\/span><\/p>\n<p style=\"padding-left: 30px;\">Ariadna Ediciones \u2013 10 t\u00edtulos<br \/>\nEditora UFMG \u2013 10 t\u00edtulos<\/p>\n<ul>\n<li><em>Todos os participantes<\/em><\/li>\n<\/ul>\n<p><strong>15:45\u00a0\u2013 16:15<\/strong><\/p>\n<p><span style=\"color: #800000;\">Avalia\u00e7\u00e3o de inclus\u00e3o de novas cole\u00e7\u00f5es<\/span><\/p>\n<p style=\"padding-left: 30px;\">Instituto Brasileiro de Governan\u00e7a Corporativa \u2013 IBGC \u2013 1 t\u00edtulo<\/p>\n<ul>\n<li><em>Todos os participantes<\/em><\/li>\n<\/ul>\n<p><strong>16:15\u00a0\u2013 16:45<\/strong><\/p>\n<p><span style=\"color: #800000;\">Outros t\u00f3picos<\/span><\/p>\n<p style=\"padding-left: 30px;\">Avalia\u00e7\u00e3o do Formul\u00e1rio de Avalia\u00e7\u00e3o de Livros Acad\u00eamicos<\/p>\n<ul>\n<li><em>Todos os participantes<\/em><\/li>\n<\/ul>\n<p><strong>16:45 \u2013 17:00<\/strong><\/p>\n<p>Conclus\u00f5es e recomenda\u00e7\u00f5es<\/p>\n<ul>\n<li><em>Todos os participantes<\/em><\/li>\n<\/ul>\n","protected":false},"excerpt":{"rendered":"<p>VIII Reuni\u00e3o Comit\u00ea Consultivo SciELO Livros 24\u00a0de Maio\u00a0de 2016 14:00 \u2013 14:15 Abertura, apresenta\u00e7\u00e3o dos objetivos da reuni\u00e3o e revis\u00e3o da agenda Abel L. Packer 14:15 \u2013 15:00 Avalia\u00e7\u00e3o de inclus\u00e3o de t\u00edtulos das editoras j\u00e1 participantes Editora FIOCRUZ \u2013 &hellip; <a href=\"https:\/\/eventos.scielo.org\/viiiccscielolivros\/programacao\/\">Continue reading <span class=\"meta-nav\">&rarr;<\/span><\/a><\/p>\n","protected":false},"author":16,"featured_media":0,"parent":0,"menu_order":0,"comment_status":"closed","ping_status":"closed","template":"","meta":{"footnotes":""},"class_list":["post-9","page","type-page","status-publish","hentry"],"aioseo_notices":[],"_links":{"self":[{"href":"https:\/\/eventos.scielo.org\/viiiccscielolivros\/wp-json\/wp\/v2\/pages\/9","targetHints":{"allow":["GET"]}}],"collection":[{"href":"https:\/\/eventos.scielo.org\/viiiccscielolivros\/wp-json\/wp\/v2\/pages"}],"about":[{"href":"https:\/\/eventos.scielo.org\/viiiccscielolivros\/wp-json\/wp\/v2\/types\/page"}],"author":[{"embeddable":true,"href":"https:\/\/eventos.scielo.org\/viiiccscielolivros\/wp-json\/wp\/v2\/users\/16"}],"replies":[{"embeddable":true,"href":"https:\/\/eventos.scielo.org\/viiiccscielolivros\/wp-json\/wp\/v2\/comments?post=9"}],"version-history":[{"count":3,"href":"https:\/\/eventos.scielo.org\/viiiccscielolivros\/wp-json\/wp\/v2\/pages\/9\/revisions"}],"predecessor-version":[{"id":17,"href":"https:\/\/eventos.scielo.org\/viiiccscielolivros\/wp-json\/wp\/v2\/pages\/9\/revisions\/17"}],"wp:attachment":[{"href":"https:\/\/eventos.scielo.org\/viiiccscielolivros\/wp-json\/wp\/v2\/media?parent=9"}],"curies":[{"name":"wp","href":"https:\/\/api.w.org\/{rel}","templated":true}]}}